{"id":3627,"date":"2025-06-17T14:19:09","date_gmt":"2025-06-17T18:19:09","guid":{"rendered":"https:\/\/cedit.cl\/?page_id=3627"},"modified":"2025-07-08T13:18:37","modified_gmt":"2025-07-08T17:18:37","slug":"lineas-de-investigacion","status":"publish","type":"page","link":"https:\/\/cedit.cl\/en\/lineas-de-investigacion\/","title":{"rendered":"Lineas de Investigaci\u00f3n"},"content":{"rendered":"<div data-elementor-type=\"wp-page\" data-elementor-id=\"3627\" class=\"elementor elementor-3627\" data-elementor-post-type=\"page\">\n\t\t\t\t\t\t<section class=\"elementor-section elementor-top-section elementor-element elementor-element-c18c39a elementor-section-boxed elementor-section-height-default elementor-section-height-default\" data-id=\"c18c39a\" data-element_type=\"section\">\n\t\t\t\t\t\t<div class=\"elementor-container elementor-column-gap-default\">\n\t\t\t\t\t<div class=\"elementor-column elementor-col-100 elementor-top-column elementor-element elementor-element-2ad6410\" data-id=\"2ad6410\" data-element_type=\"column\">\n\t\t\t<div class=\"elementor-widget-wrap elementor-element-populated\">\n\t\t\t\t\t\t<div class=\"elementor-element elementor-element-7ba88a0 elementor-widget elementor-widget-html\" data-id=\"7ba88a0\" data-element_type=\"widget\" data-widget_type=\"html.default\">\n\t\t\t\t<div class=\"elementor-widget-container\">\n\t\t\t\t\t<div style=\"display: flex; flex-wrap: wrap; gap: 2rem; justify-content: center;\">\r\n  <div class=\"card-investigacion color-1 card\">\r\n    <div class=\"card-bar\"><\/div>\r\n    <img decoding=\"async\" class=\"card-img\" src=\"https:\/\/cedit.cl\/wp-content\/uploads\/2025\/07\/medicion-territorial.jpg\" alt=\"Medici\u00f3n Territorial\">\r\n    <div class=\"card-content\">\r\n      <h3 class=\"card-title\">Territorial Measurement<\/h3>\r\n      <div class=\"card-divider\"><\/div>\r\n      <p class=\"card-desc\">An\u00e1lisis y monitoreo de territorios para una mejor toma de decisiones.<\/p>\r\n    <\/div>\r\n  <\/div>\r\n  <div class=\"card-investigacion color-2 card\">\r\n    <div class=\"card-bar\"><\/div>\r\n    <img decoding=\"async\" class=\"card-img\" src=\"https:\/\/cedit.cl\/wp-content\/uploads\/2025\/07\/medicion-territorial.jpg\" alt=\"Generaci\u00f3n de Ingresos\">\r\n    <div class=\"card-content\">\r\n      <h3 class=\"card-title\">Income Generation<\/h3>\r\n      <div class=\"card-divider\"><\/div>\r\n      <p class=\"card-desc\">Estudios y estrategias para impulsar el desarrollo econ\u00f3mico local.<\/p>\r\n    <\/div>\r\n  <\/div>\r\n  <div class=\"card-investigacion color-3 card\">\r\n    <div class=\"card-bar\"><\/div>\r\n    <img decoding=\"async\" class=\"card-img\" src=\"https:\/\/cedit.cl\/wp-content\/uploads\/2025\/07\/medicion-territorial.jpg\" alt=\"Emprendimiento e Innovaci\u00f3n\">\r\n    <div class=\"card-content\">\r\n      <h3 class=\"card-title\">Entrepreneurship &amp; Innovation<\/h3>\r\n      <div class=\"card-divider\"><\/div>\r\n      <p class=\"card-desc\">Fomentamos la creatividad y el crecimiento de nuevas ideas de negocio.<\/p>\r\n    <\/div>\r\n  <\/div>\r\n  <div class=\"card-investigacion color-4 card\">\r\n    <div class=\"card-bar\"><\/div>\r\n    <img decoding=\"async\" class=\"card-img\" src=\"https:\/\/cedit.cl\/wp-content\/uploads\/2025\/07\/medicion-territorial.jpg\" alt=\"Desigualdades de G\u00e9nero y Sociales y el Rol de los Pueblos Originarios\">\r\n    <div class=\"card-content\">\r\n      <h3 class=\"card-title\">Gender and Social disparities and the role of Original Nations<\/h3>\r\n      <div class=\"card-divider\"><\/div>\r\n      <p class=\"card-desc\">Investigaci\u00f3n enfocada en la equidad y el reconocimiento de la diversidad cultural.<\/p>\r\n    <\/div>\r\n  <\/div>\r\n  <div class=\"card-investigacion color-1 card\">\r\n    <div class=\"card-bar\"><\/div>\r\n    <img decoding=\"async\" class=\"card-img\" src=\"https:\/\/cedit.cl\/wp-content\/uploads\/2025\/07\/medicion-territorial.jpg\" alt=\"Migraci\u00f3n y Capital Humano\">\r\n    <div class=\"card-content\">\r\n      <h3 class=\"card-title\">Migration and Human Capital<\/h3>\r\n      <div class=\"card-divider\"><\/div>\r\n      <p class=\"card-desc\">Estudios sobre movilidad, talento y desaf\u00edos de la migraci\u00f3n en los territorios.<\/p>\r\n    <\/div>\r\n  <\/div>\r\n  <div class=\"card-investigacion color-2 card\">\r\n    <div class=\"card-bar\"><\/div>\r\n    <img decoding=\"async\" class=\"card-img\" src=\"https:\/\/cedit.cl\/wp-content\/uploads\/2025\/07\/medicion-territorial.jpg\" alt=\"Dise\u00f1o, Monitoreo y Evaluaci\u00f3n de Pol\u00edticas\">\r\n    <div class=\"card-content\">\r\n      <h3 class=\"card-title\">Policy Design, Monitoring and Evaluation<\/h3>\r\n      <div class=\"card-divider\"><\/div>\r\n      <p class=\"card-desc\">Apoyamos la gesti\u00f3n p\u00fablica con herramientas y an\u00e1lisis para la mejora continua.<\/p>\r\n    <\/div>\r\n  <\/div>\r\n  <div class=\"card-investigacion color-3 card\">\r\n    <div class=\"card-bar\"><\/div>\r\n    <img decoding=\"async\" class=\"card-img\" src=\"https:\/\/cedit.cl\/wp-content\/uploads\/2025\/07\/medicion-territorial.jpg\" alt=\"Integraci\u00f3n del Desarrollo de los Territorios\">\r\n    <div class=\"card-content\">\r\n      <h3 class=\"card-title\">Integraci\u00f3n del Desarrollo de los Territorios<\/h3>\r\n      <div class=\"card-divider\"><\/div>\r\n      <p class=\"card-desc\">Propuestas para un crecimiento arm\u00f3nico y sostenible entre regiones.<\/p>\r\n    <\/div>\r\n  <\/div>\r\n<\/div>\r\n\t\t\t\t<\/div>\n\t\t\t\t<\/div>\n\t\t\t\t\t<\/div>\n\t\t<\/div>\n\t\t\t\t\t<\/div>\n\t\t<\/section>\n\t\t\t\t<section class=\"elementor-section elementor-top-section elementor-element elementor-element-d6bce87 elementor-section-full_width elementor-hidden-desktop elementor-hidden-tablet elementor-hidden-mobile elementor-section-height-default elementor-section-height-default\" data-id=\"d6bce87\" data-element_type=\"section\">\n\t\t\t\t\t\t<div class=\"elementor-container elementor-column-gap-default\">\n\t\t\t\t\t<div class=\"elementor-column elementor-col-100 elementor-top-column elementor-element elementor-element-71c2021 elementor-hidden-desktop elementor-hidden-tablet elementor-hidden-mobile\" data-id=\"71c2021\" data-element_type=\"column\">\n\t\t\t<div class=\"elementor-widget-wrap elementor-element-populated\">\n\t\t\t\t\t\t<section class=\"elementor-section elementor-inner-section elementor-element elementor-element-bab2633 elementor-section-boxed elementor-section-height-default elementor-section-height-default\" data-id=\"bab2633\" data-element_type=\"section\">\n\t\t\t\t\t\t<div class=\"elementor-container elementor-column-gap-default\">\n\t\t\t\t\t<div class=\"elementor-column elementor-col-100 elementor-inner-column elementor-element elementor-element-9d45aba\" data-id=\"9d45aba\" data-element_type=\"column\">\n\t\t\t<div class=\"elementor-widget-wrap\">\n\t\t\t\t\t\t\t<\/div>\n\t\t<\/div>\n\t\t\t\t\t<\/div>\n\t\t<\/section>\n\t\t\t\t<section class=\"elementor-section elementor-inner-section elementor-element elementor-element-0d5b262 elementor-section-boxed elementor-section-height-default elementor-section-height-default\" data-id=\"0d5b262\" data-element_type=\"section\">\n\t\t\t\t\t\t<div class=\"elementor-container elementor-column-gap-default\">\n\t\t\t\t\t<div class=\"elementor-column elementor-col-33 elementor-inner-column elementor-element elementor-element-1ed566d elementor-invisible\" data-id=\"1ed566d\" data-element_type=\"column\" data-settings=\"{&quot;background_background&quot;:&quot;classic&quot;,&quot;animation&quot;:&quot;fadeInUp&quot;}\">\n\t\t\t<div class=\"elementor-widget-wrap elementor-element-populated\">\n\t\t\t\t\t\t<div class=\"elementor-element elementor-element-fd78b8e elementor-widget elementor-widget-image\" data-id=\"fd78b8e\" data-element_type=\"widget\" data-widget_type=\"image.default\">\n\t\t\t\t<div class=\"elementor-widget-container\">\n\t\t\t\t\t\t\t\t\t\t\t\t\t\t\t<img fetchpriority=\"high\" decoding=\"async\" width=\"1024\" height=\"1024\" src=\"https:\/\/cedit.cl\/wp-content\/uploads\/2025\/06\/medicion.png\" class=\"attachment-large size-large wp-image-3662\" alt=\"\" srcset=\"https:\/\/cedit.cl\/wp-content\/uploads\/2025\/06\/medicion.png 1024w, https:\/\/cedit.cl\/wp-content\/uploads\/2025\/06\/medicion-300x300.png 300w, https:\/\/cedit.cl\/wp-content\/uploads\/2025\/06\/medicion-150x150.png 150w, https:\/\/cedit.cl\/wp-content\/uploads\/2025\/06\/medicion-768x768.png 768w, https:\/\/cedit.cl\/wp-content\/uploads\/2025\/06\/medicion-12x12.png 12w\" sizes=\"(max-width: 1024px) 100vw, 1024px\" \/>\t\t\t\t\t\t\t\t\t\t\t\t\t\t\t<\/div>\n\t\t\t\t<\/div>\n\t\t\t\t<div class=\"elementor-element elementor-element-03d16ca elementor-widget elementor-widget-heading\" data-id=\"03d16ca\" data-element_type=\"widget\" data-widget_type=\"heading.default\">\n\t\t\t\t<div class=\"elementor-widget-container\">\n\t\t\t\t\t<h5 class=\"elementor-heading-title elementor-size-default\">Territorial Measurement<\/h5>\t\t\t\t<\/div>\n\t\t\t\t<\/div>\n\t\t\t\t<div class=\"elementor-element elementor-element-3980ddc elementor-widget elementor-widget-spacer\" data-id=\"3980ddc\" data-element_type=\"widget\" data-widget_type=\"spacer.default\">\n\t\t\t\t<div class=\"elementor-widget-container\">\n\t\t\t\t\t\t\t<div class=\"elementor-spacer\">\n\t\t\t<div class=\"elementor-spacer-inner\"><\/div>\n\t\t<\/div>\n\t\t\t\t\t\t<\/div>\n\t\t\t\t<\/div>\n\t\t\t\t\t<\/div>\n\t\t<\/div>\n\t\t\t\t<div class=\"elementor-column elementor-col-33 elementor-inner-column elementor-element elementor-element-8c55bc9 elementor-invisible\" data-id=\"8c55bc9\" data-element_type=\"column\" data-settings=\"{&quot;background_background&quot;:&quot;classic&quot;,&quot;animation&quot;:&quot;fadeInUp&quot;,&quot;animation_delay&quot;:100}\">\n\t\t\t<div class=\"elementor-widget-wrap elementor-element-populated\">\n\t\t\t\t\t\t<div class=\"elementor-element elementor-element-312e0cf elementor-widget elementor-widget-image\" data-id=\"312e0cf\" data-element_type=\"widget\" data-widget_type=\"image.default\">\n\t\t\t\t<div class=\"elementor-widget-container\">\n\t\t\t\t\t\t\t\t\t\t\t\t\t\t\t<img decoding=\"async\" src=\"https:\/\/cedit.cl\/wp-content\/plugins\/elementor\/assets\/images\/placeholder.png\" title=\"\" alt=\"\" loading=\"lazy\" \/>\t\t\t\t\t\t\t\t\t\t\t\t\t\t\t<\/div>\n\t\t\t\t<\/div>\n\t\t\t\t<div class=\"elementor-element elementor-element-106f135 elementor-widget elementor-widget-heading\" data-id=\"106f135\" data-element_type=\"widget\" data-widget_type=\"heading.default\">\n\t\t\t\t<div class=\"elementor-widget-container\">\n\t\t\t\t\t<h5 class=\"elementor-heading-title elementor-size-default\">Income Generation<\/h5>\t\t\t\t<\/div>\n\t\t\t\t<\/div>\n\t\t\t\t<div class=\"elementor-element elementor-element-3f239c3 elementor-widget elementor-widget-spacer\" data-id=\"3f239c3\" data-element_type=\"widget\" data-widget_type=\"spacer.default\">\n\t\t\t\t<div class=\"elementor-widget-container\">\n\t\t\t\t\t\t\t<div class=\"elementor-spacer\">\n\t\t\t<div class=\"elementor-spacer-inner\"><\/div>\n\t\t<\/div>\n\t\t\t\t\t\t<\/div>\n\t\t\t\t<\/div>\n\t\t\t\t\t<\/div>\n\t\t<\/div>\n\t\t\t\t<div class=\"elementor-column elementor-col-33 elementor-inner-column elementor-element elementor-element-bbf94cc elementor-invisible\" data-id=\"bbf94cc\" data-element_type=\"column\" data-settings=\"{&quot;background_background&quot;:&quot;classic&quot;,&quot;animation&quot;:&quot;fadeInUp&quot;,&quot;animation_delay&quot;:200}\">\n\t\t\t<div class=\"elementor-widget-wrap elementor-element-populated\">\n\t\t\t\t\t\t<div class=\"elementor-element elementor-element-ee7354e elementor-widget elementor-widget-image\" data-id=\"ee7354e\" data-element_type=\"widget\" data-widget_type=\"image.default\">\n\t\t\t\t<div class=\"elementor-widget-container\">\n\t\t\t\t\t\t\t\t\t\t\t\t\t\t\t<img decoding=\"async\" src=\"https:\/\/cedit.cl\/wp-content\/plugins\/elementor\/assets\/images\/placeholder.png\" title=\"\" alt=\"\" loading=\"lazy\" \/>\t\t\t\t\t\t\t\t\t\t\t\t\t\t\t<\/div>\n\t\t\t\t<\/div>\n\t\t\t\t<div class=\"elementor-element elementor-element-a6c9610 elementor-widget elementor-widget-heading\" data-id=\"a6c9610\" data-element_type=\"widget\" data-widget_type=\"heading.default\">\n\t\t\t\t<div class=\"elementor-widget-container\">\n\t\t\t\t\t<h5 class=\"elementor-heading-title elementor-size-default\">Entrepreneurship &amp; Innovation<\/h5>\t\t\t\t<\/div>\n\t\t\t\t<\/div>\n\t\t\t\t<div class=\"elementor-element elementor-element-e95bc9a elementor-widget elementor-widget-spacer\" data-id=\"e95bc9a\" data-element_type=\"widget\" data-widget_type=\"spacer.default\">\n\t\t\t\t<div class=\"elementor-widget-container\">\n\t\t\t\t\t\t\t<div class=\"elementor-spacer\">\n\t\t\t<div class=\"elementor-spacer-inner\"><\/div>\n\t\t<\/div>\n\t\t\t\t\t\t<\/div>\n\t\t\t\t<\/div>\n\t\t\t\t\t<\/div>\n\t\t<\/div>\n\t\t\t\t\t<\/div>\n\t\t<\/section>\n\t\t\t\t<section class=\"elementor-section elementor-inner-section elementor-element elementor-element-96a0ff1 elementor-section-boxed elementor-section-height-default elementor-section-height-default\" data-id=\"96a0ff1\" data-element_type=\"section\">\n\t\t\t\t\t\t<div class=\"elementor-container elementor-column-gap-default\">\n\t\t\t\t\t<div class=\"elementor-column elementor-col-33 elementor-inner-column elementor-element elementor-element-006c09d elementor-invisible\" data-id=\"006c09d\" data-element_type=\"column\" data-settings=\"{&quot;background_background&quot;:&quot;classic&quot;,&quot;animation&quot;:&quot;fadeInUp&quot;,&quot;animation_delay&quot;:400}\">\n\t\t\t<div class=\"elementor-widget-wrap elementor-element-populated\">\n\t\t\t\t\t\t<div class=\"elementor-element elementor-element-3ce5fd5 elementor-widget elementor-widget-image\" data-id=\"3ce5fd5\" data-element_type=\"widget\" data-widget_type=\"image.default\">\n\t\t\t\t<div class=\"elementor-widget-container\">\n\t\t\t\t\t\t\t\t\t\t\t\t\t\t\t<img decoding=\"async\" src=\"https:\/\/cedit.cl\/wp-content\/plugins\/elementor\/assets\/images\/placeholder.png\" title=\"\" alt=\"\" loading=\"lazy\" \/>\t\t\t\t\t\t\t\t\t\t\t\t\t\t\t<\/div>\n\t\t\t\t<\/div>\n\t\t\t\t<div class=\"elementor-element elementor-element-fa369f8 elementor-widget elementor-widget-heading\" data-id=\"fa369f8\" data-element_type=\"widget\" data-widget_type=\"heading.default\">\n\t\t\t\t<div class=\"elementor-widget-container\">\n\t\t\t\t\t<h5 class=\"elementor-heading-title elementor-size-default\">Policy Design, Monitoring and Evaluation<\/h5>\t\t\t\t<\/div>\n\t\t\t\t<\/div>\n\t\t\t\t\t<\/div>\n\t\t<\/div>\n\t\t\t\t<div class=\"elementor-column elementor-col-33 elementor-inner-column elementor-element elementor-element-e641c44 elementor-invisible\" data-id=\"e641c44\" data-element_type=\"column\" data-settings=\"{&quot;background_background&quot;:&quot;classic&quot;,&quot;animation&quot;:&quot;fadeInUp&quot;,&quot;animation_delay&quot;:500}\">\n\t\t\t<div class=\"elementor-widget-wrap elementor-element-populated\">\n\t\t\t\t\t\t<div class=\"elementor-element elementor-element-35dbae5 elementor-widget elementor-widget-image\" data-id=\"35dbae5\" data-element_type=\"widget\" data-widget_type=\"image.default\">\n\t\t\t\t<div class=\"elementor-widget-container\">\n\t\t\t\t\t\t\t\t\t\t\t\t\t\t\t<img decoding=\"async\" src=\"https:\/\/cedit.cl\/wp-content\/plugins\/elementor\/assets\/images\/placeholder.png\" title=\"\" alt=\"\" loading=\"lazy\" \/>\t\t\t\t\t\t\t\t\t\t\t\t\t\t\t<\/div>\n\t\t\t\t<\/div>\n\t\t\t\t<div class=\"elementor-element elementor-element-b7dbbcc elementor-widget elementor-widget-heading\" data-id=\"b7dbbcc\" data-element_type=\"widget\" data-widget_type=\"heading.default\">\n\t\t\t\t<div class=\"elementor-widget-container\">\n\t\t\t\t\t<h5 class=\"elementor-heading-title elementor-size-default\">Migration and Human Capital<\/h5>\t\t\t\t<\/div>\n\t\t\t\t<\/div>\n\t\t\t\t\t<\/div>\n\t\t<\/div>\n\t\t\t\t<div class=\"elementor-column elementor-col-33 elementor-inner-column elementor-element elementor-element-16e50d2 elementor-invisible\" data-id=\"16e50d2\" data-element_type=\"column\" data-settings=\"{&quot;background_background&quot;:&quot;classic&quot;,&quot;animation&quot;:&quot;fadeInUp&quot;,&quot;animation_delay&quot;:600}\">\n\t\t\t<div class=\"elementor-widget-wrap elementor-element-populated\">\n\t\t\t\t\t\t<div class=\"elementor-element elementor-element-7cc67fb elementor-widget elementor-widget-image\" data-id=\"7cc67fb\" data-element_type=\"widget\" data-widget_type=\"image.default\">\n\t\t\t\t<div class=\"elementor-widget-container\">\n\t\t\t\t\t\t\t\t\t\t\t\t\t\t\t<img decoding=\"async\" src=\"https:\/\/cedit.cl\/wp-content\/plugins\/elementor\/assets\/images\/placeholder.png\" title=\"\" alt=\"\" loading=\"lazy\" \/>\t\t\t\t\t\t\t\t\t\t\t\t\t\t\t<\/div>\n\t\t\t\t<\/div>\n\t\t\t\t<div class=\"elementor-element elementor-element-e52daf1 elementor-widget elementor-widget-heading\" data-id=\"e52daf1\" data-element_type=\"widget\" data-widget_type=\"heading.default\">\n\t\t\t\t<div class=\"elementor-widget-container\">\n\t\t\t\t\t<h5 class=\"elementor-heading-title elementor-size-default\">Integraci\u00f3n del Desarrollo de los Territorios<\/h5>\t\t\t\t<\/div>\n\t\t\t\t<\/div>\n\t\t\t\t\t<\/div>\n\t\t<\/div>\n\t\t\t\t\t<\/div>\n\t\t<\/section>\n\t\t\t\t<section class=\"elementor-section elementor-inner-section elementor-element elementor-element-1f30d36 elementor-section-boxed elementor-section-height-default elementor-section-height-default\" data-id=\"1f30d36\" data-element_type=\"section\">\n\t\t\t\t\t\t<div class=\"elementor-container elementor-column-gap-default\">\n\t\t\t\t\t<div class=\"elementor-column elementor-col-33 elementor-inner-column elementor-element elementor-element-f220719 elementor-invisible\" data-id=\"f220719\" data-element_type=\"column\" data-settings=\"{&quot;background_background&quot;:&quot;classic&quot;,&quot;animation&quot;:&quot;fadeInUp&quot;,&quot;animation_delay&quot;:300}\">\n\t\t\t<div class=\"elementor-widget-wrap elementor-element-populated\">\n\t\t\t\t\t\t<div class=\"elementor-element elementor-element-ba36393 elementor-widget elementor-widget-image\" data-id=\"ba36393\" data-element_type=\"widget\" data-widget_type=\"image.default\">\n\t\t\t\t<div class=\"elementor-widget-container\">\n\t\t\t\t\t\t\t\t\t\t\t\t\t\t\t<img decoding=\"async\" src=\"https:\/\/cedit.cl\/wp-content\/plugins\/elementor\/assets\/images\/placeholder.png\" title=\"\" alt=\"\" loading=\"lazy\" \/>\t\t\t\t\t\t\t\t\t\t\t\t\t\t\t<\/div>\n\t\t\t\t<\/div>\n\t\t\t\t<div class=\"elementor-element elementor-element-cc954df elementor-widget elementor-widget-heading\" data-id=\"cc954df\" data-element_type=\"widget\" data-widget_type=\"heading.default\">\n\t\t\t\t<div class=\"elementor-widget-container\">\n\t\t\t\t\t<h5 class=\"elementor-heading-title elementor-size-default\">Gender and Social disparities and the role of Original Nations<\/h5>\t\t\t\t<\/div>\n\t\t\t\t<\/div>\n\t\t\t\t\t<\/div>\n\t\t<\/div>\n\t\t\t\t<div class=\"elementor-column elementor-col-33 elementor-inner-column elementor-element elementor-element-e143059 elementor-invisible\" data-id=\"e143059\" data-element_type=\"column\" data-settings=\"{&quot;background_background&quot;:&quot;classic&quot;,&quot;animation&quot;:&quot;fadeInUp&quot;,&quot;animation_delay&quot;:500}\">\n\t\t\t<div class=\"elementor-widget-wrap\">\n\t\t\t\t\t\t\t<\/div>\n\t\t<\/div>\n\t\t\t\t<div class=\"elementor-column elementor-col-33 elementor-inner-column elementor-element elementor-element-72099c6 elementor-invisible\" data-id=\"72099c6\" data-element_type=\"column\" data-settings=\"{&quot;background_background&quot;:&quot;classic&quot;,&quot;animation&quot;:&quot;fadeInUp&quot;,&quot;animation_delay&quot;:600}\">\n\t\t\t<div class=\"elementor-widget-wrap\">\n\t\t\t\t\t\t\t<\/div>\n\t\t<\/div>\n\t\t\t\t\t<\/div>\n\t\t<\/section>\n\t\t\t\t\t<\/div>\n\t\t<\/div>\n\t\t\t\t\t<\/div>\n\t\t<\/section>\n\t\t\t\t<section class=\"elementor-section elementor-top-section elementor-element elementor-element-6a7aa23 elementor-section-full_width elementor-section-stretched elementor-hidden-desktop elementor-hidden-tablet elementor-hidden-mobile elementor-section-height-default elementor-section-height-default\" data-id=\"6a7aa23\" data-element_type=\"section\" data-settings=\"{&quot;stretch_section&quot;:&quot;section-stretched&quot;,&quot;background_background&quot;:&quot;gradient&quot;}\">\n\t\t\t\t\t\t<div class=\"elementor-container elementor-column-gap-default\">\n\t\t\t\t\t<div class=\"elementor-column elementor-col-100 elementor-top-column elementor-element elementor-element-d71ddbc\" data-id=\"d71ddbc\" data-element_type=\"column\">\n\t\t\t<div class=\"elementor-widget-wrap elementor-element-populated\">\n\t\t\t\t\t\t<section class=\"elementor-section elementor-inner-section elementor-element elementor-element-541e2bb elementor-section-boxed elementor-section-height-default elementor-section-height-default\" data-id=\"541e2bb\" data-element_type=\"section\">\n\t\t\t\t\t\t<div class=\"elementor-container elementor-column-gap-default\">\n\t\t\t\t\t<div class=\"elementor-column elementor-col-100 elementor-inner-column elementor-element elementor-element-18dc5f8\" data-id=\"18dc5f8\" data-element_type=\"column\">\n\t\t\t<div class=\"elementor-widget-wrap elementor-element-populated\">\n\t\t\t\t\t\t<div class=\"elementor-element elementor-element-25b7a94 elementor-widget elementor-widget-heading\" data-id=\"25b7a94\" data-element_type=\"widget\" data-widget_type=\"heading.default\">\n\t\t\t\t<div class=\"elementor-widget-container\">\n\t\t\t\t\t<h2 class=\"elementor-heading-title elementor-size-default\">Territorial Measurement<\/h2>\t\t\t\t<\/div>\n\t\t\t\t<\/div>\n\t\t\t\t\t<\/div>\n\t\t<\/div>\n\t\t\t\t\t<\/div>\n\t\t<\/section>\n\t\t\t\t<section class=\"elementor-section elementor-inner-section elementor-element elementor-element-708f652 elementor-section-boxed elementor-section-height-default elementor-section-height-default\" data-id=\"708f652\" data-element_type=\"section\">\n\t\t\t\t\t\t<div class=\"elementor-container elementor-column-gap-default\">\n\t\t\t\t\t<div class=\"elementor-column elementor-col-100 elementor-inner-column elementor-element elementor-element-7385198\" data-id=\"7385198\" data-element_type=\"column\">\n\t\t\t<div class=\"elementor-widget-wrap elementor-element-populated\">\n\t\t\t\t\t\t<div class=\"elementor-element elementor-element-378d309 elementor-widget elementor-widget-heading\" data-id=\"378d309\" data-element_type=\"widget\" data-widget_type=\"heading.default\">\n\t\t\t\t<div class=\"elementor-widget-container\">\n\t\t\t\t\t<h5 class=\"elementor-heading-title elementor-size-default\">Objetivo:<\/h5>\t\t\t\t<\/div>\n\t\t\t\t<\/div>\n\t\t\t\t<div class=\"elementor-element elementor-element-e8a848c elementor-widget elementor-widget-text-editor\" data-id=\"e8a848c\" data-element_type=\"widget\" data-widget_type=\"text-editor.default\">\n\t\t\t\t<div class=\"elementor-widget-container\">\n\t\t\t\t\t\t\t\t\t<p>Construir y mantener VistaChile, una base de datos integrada de indicadores de gobernanza, desarrollo, geogr\u00e1ficos, ambientales y sociales. VistaChile permitir\u00e1 an\u00e1lisis territoriales sensibles al contexto y apoyar\u00e1 enfoques basados en evidencia para el desarrollo inclusivo y sostenible.<\/p>\t\t\t\t\t\t\t\t<\/div>\n\t\t\t\t<\/div>\n\t\t\t\t\t<\/div>\n\t\t<\/div>\n\t\t\t\t\t<\/div>\n\t\t<\/section>\n\t\t\t\t<section class=\"elementor-section elementor-inner-section elementor-element elementor-element-9b6699e elementor-section-boxed elementor-section-height-default elementor-section-height-default\" data-id=\"9b6699e\" data-element_type=\"section\">\n\t\t\t\t\t\t<div class=\"elementor-container elementor-column-gap-default\">\n\t\t\t\t\t<div class=\"elementor-column elementor-col-100 elementor-inner-column elementor-element elementor-element-a25d5fc\" data-id=\"a25d5fc\" data-element_type=\"column\">\n\t\t\t<div class=\"elementor-widget-wrap elementor-element-populated\">\n\t\t\t\t\t\t<div class=\"elementor-element elementor-element-2abfc16 elementor-widget elementor-widget-text-editor\" data-id=\"2abfc16\" data-element_type=\"widget\" data-widget_type=\"text-editor.default\">\n\t\t\t\t<div class=\"elementor-widget-container\">\n\t\t\t\t\t\t\t\t\t<h6>Researchers<\/h6><p>Gustavo Anr\u00edquez Nilson<br \/>William Foster Bonnette<br \/>Pablo Osses<br \/>Rodrigo P\u00e9rez Silva<br \/>Catalina Contreras<br \/>Bryan Castillo<br \/>Gabriela Anabal\u00f3n<br \/>Juan Miguel Carvajal<br \/>F\u00e9lix Modrego<br \/>Otoniel Aguiar<br \/>Juan Manuel Fercovic<br \/>Benjam\u00edn Andr\u00e9s Jara Valencia<br \/>Klaus Kurt Keim Vera<br \/>Fabrizio Daniel Qui\u00f1\u00f3nez Florent\u00edn<br \/>Jazmine Daniella Calabrese Fern\u00e1ndez<br \/>Juan Pablo Astaburuaga<br \/>Andr\u00e9s Fuica Barrios<\/p>\t\t\t\t\t\t\t\t<\/div>\n\t\t\t\t<\/div>\n\t\t\t\t\t<\/div>\n\t\t<\/div>\n\t\t\t\t\t<\/div>\n\t\t<\/section>\n\t\t\t\t\t<\/div>\n\t\t<\/div>\n\t\t\t\t\t<\/div>\n\t\t<\/section>\n\t\t\t\t<section class=\"elementor-section elementor-top-section elementor-element elementor-element-e2da4dd elementor-section-full_width elementor-section-stretched elementor-hidden-desktop elementor-hidden-tablet elementor-hidden-mobile elementor-section-height-default elementor-section-height-default\" data-id=\"e2da4dd\" data-element_type=\"section\" data-settings=\"{&quot;stretch_section&quot;:&quot;section-stretched&quot;,&quot;background_background&quot;:&quot;gradient&quot;}\">\n\t\t\t\t\t\t<div class=\"elementor-container elementor-column-gap-default\">\n\t\t\t\t\t<div class=\"elementor-column elementor-col-100 elementor-top-column elementor-element elementor-element-db8515a\" data-id=\"db8515a\" data-element_type=\"column\">\n\t\t\t<div class=\"elementor-widget-wrap elementor-element-populated\">\n\t\t\t\t\t\t<section class=\"elementor-section elementor-inner-section elementor-element elementor-element-8412637 elementor-section-boxed elementor-section-height-default elementor-section-height-default\" data-id=\"8412637\" data-element_type=\"section\">\n\t\t\t\t\t\t<div class=\"elementor-container elementor-column-gap-default\">\n\t\t\t\t\t<div class=\"elementor-column elementor-col-100 elementor-inner-column elementor-element elementor-element-aefa3de\" data-id=\"aefa3de\" data-element_type=\"column\">\n\t\t\t<div class=\"elementor-widget-wrap elementor-element-populated\">\n\t\t\t\t\t\t<div class=\"elementor-element elementor-element-4e933ec elementor-widget elementor-widget-heading\" data-id=\"4e933ec\" data-element_type=\"widget\" data-widget_type=\"heading.default\">\n\t\t\t\t<div class=\"elementor-widget-container\">\n\t\t\t\t\t<h2 class=\"elementor-heading-title elementor-size-default\">Income Generation<\/h2>\t\t\t\t<\/div>\n\t\t\t\t<\/div>\n\t\t\t\t\t<\/div>\n\t\t<\/div>\n\t\t\t\t\t<\/div>\n\t\t<\/section>\n\t\t\t\t<section class=\"elementor-section elementor-inner-section elementor-element elementor-element-c530464 elementor-section-boxed elementor-section-height-default elementor-section-height-default\" data-id=\"c530464\" data-element_type=\"section\">\n\t\t\t\t\t\t<div class=\"elementor-container elementor-column-gap-default\">\n\t\t\t\t\t<div class=\"elementor-column elementor-col-100 elementor-inner-column elementor-element elementor-element-28d02d4\" data-id=\"28d02d4\" data-element_type=\"column\">\n\t\t\t<div class=\"elementor-widget-wrap elementor-element-populated\">\n\t\t\t\t\t\t<div class=\"elementor-element elementor-element-be97c0a elementor-widget elementor-widget-heading\" data-id=\"be97c0a\" data-element_type=\"widget\" data-widget_type=\"heading.default\">\n\t\t\t\t<div class=\"elementor-widget-container\">\n\t\t\t\t\t<h5 class=\"elementor-heading-title elementor-size-default\">Objetivo:<\/h5>\t\t\t\t<\/div>\n\t\t\t\t<\/div>\n\t\t\t\t<div class=\"elementor-element elementor-element-df8de89 elementor-widget elementor-widget-text-editor\" data-id=\"df8de89\" data-element_type=\"widget\" data-widget_type=\"text-editor.default\">\n\t\t\t\t<div class=\"elementor-widget-container\">\n\t\t\t\t\t\t\t\t\t<p>Medir la generaci\u00f3n de ingresos, el bienestar de los hogares y la actividad econ\u00f3mica mediante bases de datos robustas a nivel regional y local, permitiendo una comprensi\u00f3n m\u00e1s profunda de las desigualdades territoriales y apoyando el dise\u00f1o de estrategias de desarrollo m\u00e1s efectivas e inclusivas.<\/p>\t\t\t\t\t\t\t\t<\/div>\n\t\t\t\t<\/div>\n\t\t\t\t\t<\/div>\n\t\t<\/div>\n\t\t\t\t\t<\/div>\n\t\t<\/section>\n\t\t\t\t<section class=\"elementor-section elementor-inner-section elementor-element elementor-element-cadf555 elementor-section-boxed elementor-section-height-default elementor-section-height-default\" data-id=\"cadf555\" data-element_type=\"section\">\n\t\t\t\t\t\t<div class=\"elementor-container elementor-column-gap-default\">\n\t\t\t\t\t<div class=\"elementor-column elementor-col-100 elementor-inner-column elementor-element elementor-element-c26609a\" data-id=\"c26609a\" data-element_type=\"column\">\n\t\t\t<div class=\"elementor-widget-wrap elementor-element-populated\">\n\t\t\t\t\t\t<div class=\"elementor-element elementor-element-b59959f elementor-widget elementor-widget-text-editor\" data-id=\"b59959f\" data-element_type=\"widget\" data-widget_type=\"text-editor.default\">\n\t\t\t\t<div class=\"elementor-widget-container\">\n\t\t\t\t\t\t\t\t\t<h6>Researchers<\/h6><p>Gustavo Anr\u00edquez Nilson, William Foster Bonnette, Pablo Osses, Rodrigo P\u00e9rez Silva, Catalina Contreras, Bryan Castillo, Gabriela Anabal\u00f3n, Juan Miguel Carvajal, F\u00e9lix Modrego, Otoniel Aguiar, Juan Manuel Fercovic, Benjam\u00edn Andr\u00e9s Jara Valencia, Klaus Kurt Keim Vera, Fabrizio Daniel Qui\u00f1\u00f3nez Florent\u00edn, Jazmine Daniella Calabrese Fern\u00e1ndez, Juan Pablo Astaburuaga, Andr\u00e9s Fuica Barrios<\/p>\t\t\t\t\t\t\t\t<\/div>\n\t\t\t\t<\/div>\n\t\t\t\t\t<\/div>\n\t\t<\/div>\n\t\t\t\t\t<\/div>\n\t\t<\/section>\n\t\t\t\t\t<\/div>\n\t\t<\/div>\n\t\t\t\t\t<\/div>\n\t\t<\/section>\n\t\t\t\t<section class=\"elementor-section elementor-top-section elementor-element elementor-element-94af19a elementor-section-full_width elementor-section-stretched elementor-hidden-desktop elementor-hidden-tablet elementor-hidden-mobile elementor-section-height-default elementor-section-height-default\" data-id=\"94af19a\" data-element_type=\"section\" data-settings=\"{&quot;stretch_section&quot;:&quot;section-stretched&quot;,&quot;background_background&quot;:&quot;gradient&quot;}\">\n\t\t\t\t\t\t<div class=\"elementor-container elementor-column-gap-default\">\n\t\t\t\t\t<div class=\"elementor-column elementor-col-100 elementor-top-column elementor-element elementor-element-8d94b72\" data-id=\"8d94b72\" data-element_type=\"column\">\n\t\t\t<div class=\"elementor-widget-wrap elementor-element-populated\">\n\t\t\t\t\t\t<section class=\"elementor-section elementor-inner-section elementor-element elementor-element-e40ba5f elementor-section-boxed elementor-section-height-default elementor-section-height-default\" data-id=\"e40ba5f\" data-element_type=\"section\">\n\t\t\t\t\t\t<div class=\"elementor-container elementor-column-gap-default\">\n\t\t\t\t\t<div class=\"elementor-column elementor-col-100 elementor-inner-column elementor-element elementor-element-8d2bbfc\" data-id=\"8d2bbfc\" data-element_type=\"column\">\n\t\t\t<div class=\"elementor-widget-wrap elementor-element-populated\">\n\t\t\t\t\t\t<div class=\"elementor-element elementor-element-cde3e74 elementor-widget elementor-widget-heading\" data-id=\"cde3e74\" data-element_type=\"widget\" data-widget_type=\"heading.default\">\n\t\t\t\t<div class=\"elementor-widget-container\">\n\t\t\t\t\t<h2 class=\"elementor-heading-title elementor-size-default\">Entrepreneurship &amp; Innovation<\/h2>\t\t\t\t<\/div>\n\t\t\t\t<\/div>\n\t\t\t\t\t<\/div>\n\t\t<\/div>\n\t\t\t\t\t<\/div>\n\t\t<\/section>\n\t\t\t\t<section class=\"elementor-section elementor-inner-section elementor-element elementor-element-b8e3e1f elementor-section-boxed elementor-section-height-default elementor-section-height-default\" data-id=\"b8e3e1f\" data-element_type=\"section\">\n\t\t\t\t\t\t<div class=\"elementor-container elementor-column-gap-default\">\n\t\t\t\t\t<div class=\"elementor-column elementor-col-100 elementor-inner-column elementor-element elementor-element-e823153\" data-id=\"e823153\" data-element_type=\"column\">\n\t\t\t<div class=\"elementor-widget-wrap elementor-element-populated\">\n\t\t\t\t\t\t<div class=\"elementor-element elementor-element-40846a2 elementor-widget elementor-widget-heading\" data-id=\"40846a2\" data-element_type=\"widget\" data-widget_type=\"heading.default\">\n\t\t\t\t<div class=\"elementor-widget-container\">\n\t\t\t\t\t<h5 class=\"elementor-heading-title elementor-size-default\">Objetivo:<\/h5>\t\t\t\t<\/div>\n\t\t\t\t<\/div>\n\t\t\t\t<div class=\"elementor-element elementor-element-47c42fd elementor-widget elementor-widget-text-editor\" data-id=\"47c42fd\" data-element_type=\"widget\" data-widget_type=\"text-editor.default\">\n\t\t\t\t<div class=\"elementor-widget-container\">\n\t\t\t\t\t\t\t\t\t<p>Investigar c\u00f3mo el emprendimiento y la innovaci\u00f3n son moldeados por caracter\u00edsticas geogr\u00e1ficas y territoriales, utilizando mapas y herramientas basadas en datos para revelar patrones espaciales e informar estrategias locales que fomenten una din\u00e1mica econ\u00f3mica inclusiva.<\/p>\t\t\t\t\t\t\t\t<\/div>\n\t\t\t\t<\/div>\n\t\t\t\t\t<\/div>\n\t\t<\/div>\n\t\t\t\t\t<\/div>\n\t\t<\/section>\n\t\t\t\t<section class=\"elementor-section elementor-inner-section elementor-element elementor-element-356a226 elementor-section-boxed elementor-section-height-default elementor-section-height-default\" data-id=\"356a226\" data-element_type=\"section\">\n\t\t\t\t\t\t<div class=\"elementor-container elementor-column-gap-default\">\n\t\t\t\t\t<div class=\"elementor-column elementor-col-100 elementor-inner-column elementor-element elementor-element-68ff683\" data-id=\"68ff683\" data-element_type=\"column\">\n\t\t\t<div class=\"elementor-widget-wrap elementor-element-populated\">\n\t\t\t\t\t\t<div class=\"elementor-element elementor-element-ee43516 elementor-widget elementor-widget-text-editor\" data-id=\"ee43516\" data-element_type=\"widget\" data-widget_type=\"text-editor.default\">\n\t\t\t\t<div class=\"elementor-widget-container\">\n\t\t\t\t\t\t\t\t\t<h6>Researchers<\/h6><p>F\u00e9lix Antonio Modrego Benito<br \/>Gianni Augusta Roman\u00ed Chocce<br \/>Krishna V\u00e9lis<br \/>Sarah Jahnsen<br \/>Juan Miguel Carvajal<br \/>Benjam\u00edn Andr\u00e9s Jara Valencia<br \/>Juan Pablo Marchant<\/p>\t\t\t\t\t\t\t\t<\/div>\n\t\t\t\t<\/div>\n\t\t\t\t\t<\/div>\n\t\t<\/div>\n\t\t\t\t\t<\/div>\n\t\t<\/section>\n\t\t\t\t\t<\/div>\n\t\t<\/div>\n\t\t\t\t\t<\/div>\n\t\t<\/section>\n\t\t\t\t<section class=\"elementor-section elementor-top-section elementor-element elementor-element-6a33188 elementor-section-full_width elementor-section-stretched elementor-hidden-desktop elementor-hidden-tablet elementor-hidden-mobile elementor-section-height-default elementor-section-height-default\" data-id=\"6a33188\" data-element_type=\"section\" data-settings=\"{&quot;stretch_section&quot;:&quot;section-stretched&quot;,&quot;background_background&quot;:&quot;gradient&quot;}\">\n\t\t\t\t\t\t<div class=\"elementor-container elementor-column-gap-default\">\n\t\t\t\t\t<div class=\"elementor-column elementor-col-100 elementor-top-column elementor-element elementor-element-6e28c3e\" data-id=\"6e28c3e\" data-element_type=\"column\">\n\t\t\t<div class=\"elementor-widget-wrap elementor-element-populated\">\n\t\t\t\t\t\t<section class=\"elementor-section elementor-inner-section elementor-element elementor-element-7063c2e elementor-section-boxed elementor-section-height-default elementor-section-height-default\" data-id=\"7063c2e\" data-element_type=\"section\">\n\t\t\t\t\t\t<div class=\"elementor-container elementor-column-gap-default\">\n\t\t\t\t\t<div class=\"elementor-column elementor-col-100 elementor-inner-column elementor-element elementor-element-2b94a66\" data-id=\"2b94a66\" data-element_type=\"column\">\n\t\t\t<div class=\"elementor-widget-wrap elementor-element-populated\">\n\t\t\t\t\t\t<div class=\"elementor-element elementor-element-252032f elementor-widget elementor-widget-heading\" data-id=\"252032f\" data-element_type=\"widget\" data-widget_type=\"heading.default\">\n\t\t\t\t<div class=\"elementor-widget-container\">\n\t\t\t\t\t<h2 class=\"elementor-heading-title elementor-size-default\">Gender and Social disparities and the role of Original Nations<\/h2>\t\t\t\t<\/div>\n\t\t\t\t<\/div>\n\t\t\t\t\t<\/div>\n\t\t<\/div>\n\t\t\t\t\t<\/div>\n\t\t<\/section>\n\t\t\t\t<section class=\"elementor-section elementor-inner-section elementor-element elementor-element-8ab9370 elementor-section-boxed elementor-section-height-default elementor-section-height-default\" data-id=\"8ab9370\" data-element_type=\"section\">\n\t\t\t\t\t\t<div class=\"elementor-container elementor-column-gap-default\">\n\t\t\t\t\t<div class=\"elementor-column elementor-col-100 elementor-inner-column elementor-element elementor-element-05cbed5\" data-id=\"05cbed5\" data-element_type=\"column\">\n\t\t\t<div class=\"elementor-widget-wrap elementor-element-populated\">\n\t\t\t\t\t\t<div class=\"elementor-element elementor-element-f93042e elementor-widget elementor-widget-heading\" data-id=\"f93042e\" data-element_type=\"widget\" data-widget_type=\"heading.default\">\n\t\t\t\t<div class=\"elementor-widget-container\">\n\t\t\t\t\t<h5 class=\"elementor-heading-title elementor-size-default\">Objetivo:<\/h5>\t\t\t\t<\/div>\n\t\t\t\t<\/div>\n\t\t\t\t<div class=\"elementor-element elementor-element-7cfc070 elementor-widget elementor-widget-text-editor\" data-id=\"7cfc070\" data-element_type=\"widget\" data-widget_type=\"text-editor.default\">\n\t\t\t\t<div class=\"elementor-widget-container\">\n\t\t\t\t\t\t\t\t\t<p>Investigar las desigualdades de g\u00e9nero y sociales, as\u00ed como el rol de los pueblos originarios y comunidades locales en la participaci\u00f3n en la prosperidad inclusiva, identificando y documentando aspectos de desarrollo contextuales relacionados con crecimiento comunitario, generaci\u00f3n de ingresos, entornos de emprendimiento e innovaci\u00f3n, barreras para la prosperidad compartida \u2014especialmente las vinculadas al g\u00e9nero y pueblos originarios\u2014, retroalimentaciones de estas desigualdades sobre la aceptaci\u00f3n y desempe\u00f1o de pol\u00edticas, e interacciones entre migraci\u00f3n y movilidad del capital humano con la eficacia de las estrategias de desarrollo y crecimiento local.<\/p>\t\t\t\t\t\t\t\t<\/div>\n\t\t\t\t<\/div>\n\t\t\t\t\t<\/div>\n\t\t<\/div>\n\t\t\t\t\t<\/div>\n\t\t<\/section>\n\t\t\t\t<section class=\"elementor-section elementor-inner-section elementor-element elementor-element-30028b6 elementor-section-boxed elementor-section-height-default elementor-section-height-default\" data-id=\"30028b6\" data-element_type=\"section\">\n\t\t\t\t\t\t<div class=\"elementor-container elementor-column-gap-default\">\n\t\t\t\t\t<div class=\"elementor-column elementor-col-100 elementor-inner-column elementor-element elementor-element-ac17a7c\" data-id=\"ac17a7c\" data-element_type=\"column\">\n\t\t\t<div class=\"elementor-widget-wrap elementor-element-populated\">\n\t\t\t\t\t\t<div class=\"elementor-element elementor-element-5d446d9 elementor-widget elementor-widget-text-editor\" data-id=\"5d446d9\" data-element_type=\"widget\" data-widget_type=\"text-editor.default\">\n\t\t\t\t<div class=\"elementor-widget-container\">\n\t\t\t\t\t\t\t\t\t<h6>Researchers<\/h6><p>Chiara Cazzuffi<br \/>Mayar\u00ed Castillo<br \/>Rodrigo P\u00e9rez<br \/>Patricia Retamal<br \/>Ana Carolina Avanco<br \/>Camila Moraga<br \/>Camila Cuevas<br \/>B\u00e1rbara Mateluna<br \/>Gabriel Alfonso Carmona Robles<br \/>Fernanda Carrasco<br \/>Cynthia C\u00f3rdova<\/p>\t\t\t\t\t\t\t\t<\/div>\n\t\t\t\t<\/div>\n\t\t\t\t\t<\/div>\n\t\t<\/div>\n\t\t\t\t\t<\/div>\n\t\t<\/section>\n\t\t\t\t\t<\/div>\n\t\t<\/div>\n\t\t\t\t\t<\/div>\n\t\t<\/section>\n\t\t\t\t<section class=\"elementor-section elementor-top-section elementor-element elementor-element-fe9a9a5 elementor-section-full_width elementor-section-stretched elementor-section-height-default elementor-section-height-default\" data-id=\"fe9a9a5\" data-element_type=\"section\" data-settings=\"{&quot;stretch_section&quot;:&quot;section-stretched&quot;,&quot;background_background&quot;:&quot;gradient&quot;}\">\n\t\t\t\t\t\t<div class=\"elementor-container elementor-column-gap-default\">\n\t\t\t\t\t<div class=\"elementor-column elementor-col-100 elementor-top-column elementor-element elementor-element-f2a840d\" data-id=\"f2a840d\" data-element_type=\"column\">\n\t\t\t<div class=\"elementor-widget-wrap elementor-element-populated\">\n\t\t\t\t\t\t<section class=\"elementor-section elementor-inner-section elementor-element elementor-element-585deea elementor-section-boxed elementor-section-height-default elementor-section-height-default\" data-id=\"585deea\" data-element_type=\"section\">\n\t\t\t\t\t\t<div class=\"elementor-container elementor-column-gap-default\">\n\t\t\t\t\t<div class=\"elementor-column elementor-col-100 elementor-inner-column elementor-element elementor-element-c60678d\" data-id=\"c60678d\" data-element_type=\"column\">\n\t\t\t<div class=\"elementor-widget-wrap elementor-element-populated\">\n\t\t\t\t\t\t<div class=\"elementor-element elementor-element-ee8cbce elementor-widget elementor-widget-heading\" data-id=\"ee8cbce\" data-element_type=\"widget\" data-widget_type=\"heading.default\">\n\t\t\t\t<div class=\"elementor-widget-container\">\n\t\t\t\t\t<h2 class=\"elementor-heading-title elementor-size-default\">Policy Design, Monitoring and Evaluation<\/h2>\t\t\t\t<\/div>\n\t\t\t\t<\/div>\n\t\t\t\t\t<\/div>\n\t\t<\/div>\n\t\t\t\t\t<\/div>\n\t\t<\/section>\n\t\t\t\t<section class=\"elementor-section elementor-inner-section elementor-element elementor-element-30c3703 elementor-section-boxed elementor-section-height-default elementor-section-height-default\" data-id=\"30c3703\" data-element_type=\"section\">\n\t\t\t\t\t\t<div class=\"elementor-container elementor-column-gap-default\">\n\t\t\t\t\t<div class=\"elementor-column elementor-col-100 elementor-inner-column elementor-element elementor-element-86c836b\" data-id=\"86c836b\" data-element_type=\"column\">\n\t\t\t<div class=\"elementor-widget-wrap elementor-element-populated\">\n\t\t\t\t\t\t<div class=\"elementor-element elementor-element-253c072 elementor-widget elementor-widget-heading\" data-id=\"253c072\" data-element_type=\"widget\" data-widget_type=\"heading.default\">\n\t\t\t\t<div class=\"elementor-widget-container\">\n\t\t\t\t\t<h5 class=\"elementor-heading-title elementor-size-default\">Objetivo:<\/h5>\t\t\t\t<\/div>\n\t\t\t\t<\/div>\n\t\t\t\t<div class=\"elementor-element elementor-element-8456b64 elementor-widget elementor-widget-text-editor\" data-id=\"8456b64\" data-element_type=\"widget\" data-widget_type=\"text-editor.default\">\n\t\t\t\t<div class=\"elementor-widget-container\">\n\t\t\t\t\t\t\t\t\t<p>Esta l\u00ednea de investigaci\u00f3n se centra en el dise\u00f1o, monitoreo y evaluaci\u00f3n de \u201cpol\u00edticas inteligentes\u201d que sean pol\u00edticamente viables y est\u00e9n fundamentadas en realidades territoriales. Promueve estrategias que fomenten un crecimiento inclusivo, equilibrando intereses diversos y reconociendo la diversidad de contextos sociales, econ\u00f3micos e institucionales entre regiones. A trav\u00e9s de la integraci\u00f3n de procesos de toma de decisiones locales y enfoques basados en evidencia, el Centro busca apoyar a los responsables de pol\u00edticas en el desarrollo de estrategias sostenibles y sensibles al contexto mediante un programa dedicado de asistencia t\u00e9cnica.<\/p>\t\t\t\t\t\t\t\t<\/div>\n\t\t\t\t<\/div>\n\t\t\t\t\t<\/div>\n\t\t<\/div>\n\t\t\t\t\t<\/div>\n\t\t<\/section>\n\t\t\t\t<section class=\"elementor-section elementor-inner-section elementor-element elementor-element-c6aa04c elementor-section-boxed elementor-section-height-default elementor-section-height-default\" data-id=\"c6aa04c\" data-element_type=\"section\">\n\t\t\t\t\t\t<div class=\"elementor-container elementor-column-gap-default\">\n\t\t\t\t\t<div class=\"elementor-column elementor-col-100 elementor-inner-column elementor-element elementor-element-81bd538\" data-id=\"81bd538\" data-element_type=\"column\">\n\t\t\t<div class=\"elementor-widget-wrap elementor-element-populated\">\n\t\t\t\t\t\t<div class=\"elementor-element elementor-element-e94cc35 elementor-widget elementor-widget-text-editor\" data-id=\"e94cc35\" data-element_type=\"widget\" data-widget_type=\"text-editor.default\">\n\t\t\t\t<div class=\"elementor-widget-container\">\n\t\t\t\t\t\t\t\t\t<h6>Researchers<\/h6><p>William Foster Bonnette<br \/>Gustavo Anr\u00edquez Nilson<br \/>Chiara Cazzuffi<br \/>F\u00e9lix Modrego<br \/>Gianni Roman\u00ed<br \/>Mayar\u00ed Castillo<br \/>Rodrigo P\u00e9rez Silva<br \/>Luis Sebasti\u00e1n Huneeus Valenzuela<br \/>Tsade Otoniel Aguiar<br \/>Cynthia C\u00f3rdova<\/p>\t\t\t\t\t\t\t\t<\/div>\n\t\t\t\t<\/div>\n\t\t\t\t\t<\/div>\n\t\t<\/div>\n\t\t\t\t\t<\/div>\n\t\t<\/section>\n\t\t\t\t\t<\/div>\n\t\t<\/div>\n\t\t\t\t\t<\/div>\n\t\t<\/section>\n\t\t\t\t<section class=\"elementor-section elementor-top-section elementor-element elementor-element-81396b4 elementor-section-full_width elementor-section-stretched elementor-hidden-desktop elementor-hidden-tablet elementor-hidden-mobile elementor-section-height-default elementor-section-height-default\" data-id=\"81396b4\" data-element_type=\"section\" data-settings=\"{&quot;stretch_section&quot;:&quot;section-stretched&quot;,&quot;background_background&quot;:&quot;gradient&quot;}\">\n\t\t\t\t\t\t<div class=\"elementor-container elementor-column-gap-default\">\n\t\t\t\t\t<div class=\"elementor-column elementor-col-100 elementor-top-column elementor-element elementor-element-7c11aa3\" data-id=\"7c11aa3\" data-element_type=\"column\">\n\t\t\t<div class=\"elementor-widget-wrap elementor-element-populated\">\n\t\t\t\t\t\t<section class=\"elementor-section elementor-inner-section elementor-element elementor-element-2ef339a elementor-section-boxed elementor-section-height-default elementor-section-height-default\" data-id=\"2ef339a\" data-element_type=\"section\">\n\t\t\t\t\t\t<div class=\"elementor-container elementor-column-gap-default\">\n\t\t\t\t\t<div class=\"elementor-column elementor-col-100 elementor-inner-column elementor-element elementor-element-349c46c\" data-id=\"349c46c\" data-element_type=\"column\">\n\t\t\t<div class=\"elementor-widget-wrap elementor-element-populated\">\n\t\t\t\t\t\t<div class=\"elementor-element elementor-element-5eb3548 elementor-widget elementor-widget-heading\" data-id=\"5eb3548\" data-element_type=\"widget\" data-widget_type=\"heading.default\">\n\t\t\t\t<div class=\"elementor-widget-container\">\n\t\t\t\t\t<h2 class=\"elementor-heading-title elementor-size-default\">Migration and Human Capital<\/h2>\t\t\t\t<\/div>\n\t\t\t\t<\/div>\n\t\t\t\t\t<\/div>\n\t\t<\/div>\n\t\t\t\t\t<\/div>\n\t\t<\/section>\n\t\t\t\t<section class=\"elementor-section elementor-inner-section elementor-element elementor-element-56cb867 elementor-section-boxed elementor-section-height-default elementor-section-height-default\" data-id=\"56cb867\" data-element_type=\"section\">\n\t\t\t\t\t\t<div class=\"elementor-container elementor-column-gap-default\">\n\t\t\t\t\t<div class=\"elementor-column elementor-col-100 elementor-inner-column elementor-element elementor-element-c44fd79\" data-id=\"c44fd79\" data-element_type=\"column\">\n\t\t\t<div class=\"elementor-widget-wrap elementor-element-populated\">\n\t\t\t\t\t\t<div class=\"elementor-element elementor-element-cbfba6b elementor-widget elementor-widget-heading\" data-id=\"cbfba6b\" data-element_type=\"widget\" data-widget_type=\"heading.default\">\n\t\t\t\t<div class=\"elementor-widget-container\">\n\t\t\t\t\t<h5 class=\"elementor-heading-title elementor-size-default\">Objetivo:<\/h5>\t\t\t\t<\/div>\n\t\t\t\t<\/div>\n\t\t\t\t<div class=\"elementor-element elementor-element-ffef8de elementor-widget elementor-widget-text-editor\" data-id=\"ffef8de\" data-element_type=\"widget\" data-widget_type=\"text-editor.default\">\n\t\t\t\t<div class=\"elementor-widget-container\">\n\t\t\t\t\t\t\t\t\t<p>Examinar la interacci\u00f3n din\u00e1mica entre el capital humano, la movilidad espacial y la sostenibilidad comunitaria, enfoc\u00e1ndose en c\u00f3mo los flujos migratorios y de capital humano influyen en los resultados del desarrollo local y la salud mental.<\/p>\t\t\t\t\t\t\t\t<\/div>\n\t\t\t\t<\/div>\n\t\t\t\t\t<\/div>\n\t\t<\/div>\n\t\t\t\t\t<\/div>\n\t\t<\/section>\n\t\t\t\t<section class=\"elementor-section elementor-inner-section elementor-element elementor-element-2de39c3 elementor-section-boxed elementor-section-height-default elementor-section-height-default\" data-id=\"2de39c3\" data-element_type=\"section\">\n\t\t\t\t\t\t<div class=\"elementor-container elementor-column-gap-default\">\n\t\t\t\t\t<div class=\"elementor-column elementor-col-100 elementor-inner-column elementor-element elementor-element-86ebeaa\" data-id=\"86ebeaa\" data-element_type=\"column\">\n\t\t\t<div class=\"elementor-widget-wrap elementor-element-populated\">\n\t\t\t\t\t\t<div class=\"elementor-element elementor-element-fef9eea elementor-widget elementor-widget-text-editor\" data-id=\"fef9eea\" data-element_type=\"widget\" data-widget_type=\"text-editor.default\">\n\t\t\t\t<div class=\"elementor-widget-container\">\n\t\t\t\t\t\t\t\t\t<h6>Researchers<\/h6><p>Rodrigo P\u00e9rez<br \/>Chiara Cazzuffi<br \/>Jorge Campos<\/p>\t\t\t\t\t\t\t\t<\/div>\n\t\t\t\t<\/div>\n\t\t\t\t\t<\/div>\n\t\t<\/div>\n\t\t\t\t\t<\/div>\n\t\t<\/section>\n\t\t\t\t\t<\/div>\n\t\t<\/div>\n\t\t\t\t\t<\/div>\n\t\t<\/section>\n\t\t\t\t<section class=\"elementor-section elementor-top-section elementor-element elementor-element-6652447 elementor-section-full_width elementor-section-stretched elementor-hidden-desktop elementor-hidden-tablet elementor-hidden-mobile elementor-section-height-default elementor-section-height-default\" data-id=\"6652447\" data-element_type=\"section\" data-settings=\"{&quot;stretch_section&quot;:&quot;section-stretched&quot;,&quot;background_background&quot;:&quot;gradient&quot;}\">\n\t\t\t\t\t\t<div class=\"elementor-container elementor-column-gap-default\">\n\t\t\t\t\t<div class=\"elementor-column elementor-col-100 elementor-top-column elementor-element elementor-element-634ea36\" data-id=\"634ea36\" data-element_type=\"column\">\n\t\t\t<div class=\"elementor-widget-wrap elementor-element-populated\">\n\t\t\t\t\t\t<section class=\"elementor-section elementor-inner-section elementor-element elementor-element-4e64029 elementor-section-boxed elementor-section-height-default elementor-section-height-default\" data-id=\"4e64029\" data-element_type=\"section\">\n\t\t\t\t\t\t<div class=\"elementor-container elementor-column-gap-default\">\n\t\t\t\t\t<div class=\"elementor-column elementor-col-100 elementor-inner-column elementor-element elementor-element-dab5cbe\" data-id=\"dab5cbe\" data-element_type=\"column\">\n\t\t\t<div class=\"elementor-widget-wrap elementor-element-populated\">\n\t\t\t\t\t\t<div class=\"elementor-element elementor-element-8cc3e83 elementor-widget elementor-widget-heading\" data-id=\"8cc3e83\" data-element_type=\"widget\" data-widget_type=\"heading.default\">\n\t\t\t\t<div class=\"elementor-widget-container\">\n\t\t\t\t\t<h2 class=\"elementor-heading-title elementor-size-default\">Integraci\u00f3n del Desarrollo de los Territorios<\/h2>\t\t\t\t<\/div>\n\t\t\t\t<\/div>\n\t\t\t\t\t<\/div>\n\t\t<\/div>\n\t\t\t\t\t<\/div>\n\t\t<\/section>\n\t\t\t\t<section class=\"elementor-section elementor-inner-section elementor-element elementor-element-90ab938 elementor-section-boxed elementor-section-height-default elementor-section-height-default\" data-id=\"90ab938\" data-element_type=\"section\">\n\t\t\t\t\t\t<div class=\"elementor-container elementor-column-gap-default\">\n\t\t\t\t\t<div class=\"elementor-column elementor-col-100 elementor-inner-column elementor-element elementor-element-6d071ce\" data-id=\"6d071ce\" data-element_type=\"column\">\n\t\t\t<div class=\"elementor-widget-wrap elementor-element-populated\">\n\t\t\t\t\t\t<div class=\"elementor-element elementor-element-abd348a elementor-widget elementor-widget-heading\" data-id=\"abd348a\" data-element_type=\"widget\" data-widget_type=\"heading.default\">\n\t\t\t\t<div class=\"elementor-widget-container\">\n\t\t\t\t\t<h5 class=\"elementor-heading-title elementor-size-default\">Objetivo:<\/h5>\t\t\t\t<\/div>\n\t\t\t\t<\/div>\n\t\t\t\t<div class=\"elementor-element elementor-element-325b4de elementor-widget elementor-widget-text-editor\" data-id=\"325b4de\" data-element_type=\"widget\" data-widget_type=\"text-editor.default\">\n\t\t\t\t<div class=\"elementor-widget-container\">\n\t\t\t\t\t\t\t\t\t<p>Integrar las dimensiones sociales, culturales, ambientales, de gobernanza y econ\u00f3micas del desarrollo y la prosperidad inclusiva, unificando y articulando todas las l\u00edneas de investigaci\u00f3n del Centro \u2014Medici\u00f3n Territorial, Generaci\u00f3n de Ingresos, Emprendimiento e Innovaci\u00f3n, Desigualdades de G\u00e9nero y Sociales y el Rol de los Pueblos Originarios, y Migraci\u00f3n y Capital Humano\u2014, asegurando que los productos de investigaci\u00f3n sean innovadores, sensibles al contexto y fundamentados en las complejas realidades del desarrollo local.<\/p>\t\t\t\t\t\t\t\t<\/div>\n\t\t\t\t<\/div>\n\t\t\t\t\t<\/div>\n\t\t<\/div>\n\t\t\t\t\t<\/div>\n\t\t<\/section>\n\t\t\t\t<section class=\"elementor-section elementor-inner-section elementor-element elementor-element-df7bc08 elementor-section-boxed elementor-section-height-default elementor-section-height-default\" data-id=\"df7bc08\" data-element_type=\"section\">\n\t\t\t\t\t\t<div class=\"elementor-container elementor-column-gap-default\">\n\t\t\t\t\t<div class=\"elementor-column elementor-col-100 elementor-inner-column elementor-element elementor-element-9cbf40e\" data-id=\"9cbf40e\" data-element_type=\"column\">\n\t\t\t<div class=\"elementor-widget-wrap elementor-element-populated\">\n\t\t\t\t\t\t<div class=\"elementor-element elementor-element-fca0517 elementor-widget elementor-widget-text-editor\" data-id=\"fca0517\" data-element_type=\"widget\" data-widget_type=\"text-editor.default\">\n\t\t\t\t<div class=\"elementor-widget-container\">\n\t\t\t\t\t\t\t\t\t<h6>Researchers<\/h6><p>Ana Carolina Avanco<br \/>B\u00e1rbara Mateluna<br \/>Benjam\u00edn Andr\u00e9s Jara Valencia<br \/>Bryan Castillo<br \/>Camila Cuevas<br \/>Camila Moraga<br \/>Catalina Contreras<br \/>Chiara Cazzuffi<br \/>Fabrizio Daniel Qui\u00f1\u00f3nez Florent\u00edn<br \/>F\u00e9lix Antonio Modrego Benito<br \/>Gabriel Alfonso Carmona Robles<br \/>Gabriela Anabal\u00f3n<br \/>Gianni Augusta Roman\u00ed Chocce<br \/>Gustavo Anr\u00edquez Nilson<br \/>Jazmine Daniella Calabrese Fern\u00e1ndez<br \/>Jorge Campos<br \/>Klaus Kurt Keim Vera<br \/>Cynthia C\u00f3rdova<br \/>Krishna V\u00e9lis<br \/>Luis Sebasti\u00e1n Huneeus Valenzuela<br \/>Juan Manuel Fercovic<br \/>Mart\u00edn R\u00edos<br \/>Mayar\u00ed Castillo<br \/>Juan Miguel Carvajal<br \/>Otoniel Aguiar<br \/>Pablo Osses<br \/>Patricia Retamal<br \/>Rodrigo P\u00e9rez<br \/>William Foster Bonnette<br \/>Juan Pablo Astaburuaga<br \/>Andr\u00e9s Fuica Barrios<\/p>\t\t\t\t\t\t\t\t<\/div>\n\t\t\t\t<\/div>\n\t\t\t\t\t<\/div>\n\t\t<\/div>\n\t\t\t\t\t<\/div>\n\t\t<\/section>\n\t\t\t\t\t<\/div>\n\t\t<\/div>\n\t\t\t\t\t<\/div>\n\t\t<\/section>\n\t\t\t\t<\/div>","protected":false},"excerpt":{"rendered":"<p>Medici\u00f3n Territorial An\u00e1lisis y monitoreo de territorios para una mejor toma de decisiones. Generaci\u00f3n de Ingresos Estudios y estrategias para impulsar el desarrollo econ\u00f3mico local. Emprendimiento e Innovaci\u00f3n Fomentamos la &#8230; <a title=\"Lineas de Investigaci\u00f3n\" class=\"read-more\" href=\"https:\/\/cedit.cl\/en\/lineas-de-investigacion\/\" aria-label=\"Read more about Lineas de Investigaci\u00f3n\">Leer m\u00e1s<\/a><\/p>","protected":false},"author":1,"featured_media":0,"parent":0,"menu_order":0,"comment_status":"closed","ping_status":"closed","template":"","meta":{"_acf_changed":false,"_seopress_robots_primary_cat":"","_seopress_titles_title":"","_seopress_titles_desc":"","_seopress_robots_index":"","inline_featured_image":false,"footnotes":""},"class_list":["post-3627","page","type-page","status-publish"],"acf":[],"_links":{"self":[{"href":"https:\/\/cedit.cl\/en\/wp-json\/wp\/v2\/pages\/3627","targetHints":{"allow":["GET"]}}],"collection":[{"href":"https:\/\/cedit.cl\/en\/wp-json\/wp\/v2\/pages"}],"about":[{"href":"https:\/\/cedit.cl\/en\/wp-json\/wp\/v2\/types\/page"}],"author":[{"embeddable":true,"href":"https:\/\/cedit.cl\/en\/wp-json\/wp\/v2\/users\/1"}],"replies":[{"embeddable":true,"href":"https:\/\/cedit.cl\/en\/wp-json\/wp\/v2\/comments?post=3627"}],"version-history":[{"count":46,"href":"https:\/\/cedit.cl\/en\/wp-json\/wp\/v2\/pages\/3627\/revisions"}],"predecessor-version":[{"id":3783,"href":"https:\/\/cedit.cl\/en\/wp-json\/wp\/v2\/pages\/3627\/revisions\/3783"}],"wp:attachment":[{"href":"https:\/\/cedit.cl\/en\/wp-json\/wp\/v2\/media?parent=3627"}],"curies":[{"name":"wp","href":"https:\/\/api.w.org\/{rel}","templated":true}]}}