{"id":3395,"date":"2023-07-06T10:38:44","date_gmt":"2023-07-06T14:38:44","guid":{"rendered":"https:\/\/cedit.cl\/?page_id=3395"},"modified":"2025-06-17T12:53:55","modified_gmt":"2025-06-17T16:53:55","slug":"francisca-de-la-maza","status":"publish","type":"page","link":"https:\/\/cedit.cl\/en\/somos\/francisca-de-la-maza\/","title":{"rendered":"Francisca de la Maza"},"content":{"rendered":"<div data-elementor-type=\"wp-page\" data-elementor-id=\"3395\" class=\"elementor elementor-3395\" data-elementor-post-type=\"page\">\n\t\t\t\t\t\t<section class=\"elementor-section elementor-top-section elementor-element elementor-element-aef4ba0 elementor-section-boxed elementor-section-height-default elementor-section-height-default\" data-id=\"aef4ba0\" data-element_type=\"section\">\n\t\t\t\t\t\t<div class=\"elementor-container elementor-column-gap-default\">\n\t\t\t\t\t<div class=\"elementor-column elementor-col-33 elementor-top-column elementor-element elementor-element-596c869\" data-id=\"596c869\" data-element_type=\"column\">\n\t\t\t<div class=\"elementor-widget-wrap elementor-element-populated\">\n\t\t\t\t\t\t<div class=\"elementor-element elementor-element-53b2297 elementor-widget elementor-widget-image\" data-id=\"53b2297\" data-element_type=\"widget\" data-widget_type=\"image.default\">\n\t\t\t\t<div class=\"elementor-widget-container\">\n\t\t\t\t\t\t\t\t\t\t\t\t\t\t\t<img fetchpriority=\"high\" decoding=\"async\" width=\"600\" height=\"600\" src=\"https:\/\/cedit.cl\/wp-content\/uploads\/2025\/04\/francisca_de_la_maza.jpg\" class=\"attachment-large size-large wp-image-3397\" alt=\"\" srcset=\"https:\/\/cedit.cl\/wp-content\/uploads\/2025\/04\/francisca_de_la_maza.jpg 600w, https:\/\/cedit.cl\/wp-content\/uploads\/2025\/04\/francisca_de_la_maza-300x300.jpg 300w, https:\/\/cedit.cl\/wp-content\/uploads\/2025\/04\/francisca_de_la_maza-150x150.jpg 150w, https:\/\/cedit.cl\/wp-content\/uploads\/2025\/04\/francisca_de_la_maza-12x12.jpg 12w\" sizes=\"(max-width: 600px) 100vw, 600px\" \/>\t\t\t\t\t\t\t\t\t\t\t\t\t\t\t<\/div>\n\t\t\t\t<\/div>\n\t\t\t\t\t<\/div>\n\t\t<\/div>\n\t\t\t\t<div class=\"elementor-column elementor-col-66 elementor-top-column elementor-element elementor-element-d86f8ef\" data-id=\"d86f8ef\" data-element_type=\"column\">\n\t\t\t<div class=\"elementor-widget-wrap elementor-element-populated\">\n\t\t\t\t\t\t<div class=\"elementor-element elementor-element-e62bfa4 elementor-widget elementor-widget-heading\" data-id=\"e62bfa4\" data-element_type=\"widget\" data-widget_type=\"heading.default\">\n\t\t\t\t<div class=\"elementor-widget-container\">\n\t\t\t\t\t<h3 class=\"elementor-heading-title elementor-size-default\">Biography<\/h3>\t\t\t\t<\/div>\n\t\t\t\t<\/div>\n\t\t\t\t<div class=\"elementor-element elementor-element-ba8443a elementor-widget elementor-widget-text-editor\" data-id=\"ba8443a\" data-element_type=\"widget\" data-widget_type=\"text-editor.default\">\n\t\t\t\t<div class=\"elementor-widget-container\">\n\t\t\t\t\t\t\t\t\t<p>Se ha especializado en el \u00e1rea de antropolog\u00eda pol\u00edtica y del estado, en particular, en investigaciones relacionadas a los pueblos ind\u00edgenas en el periodo contempor\u00e1neo. Tambi\u00e9n ha realizado estudios relativos a etnograf\u00eda del estado en temas tales como gobiernos locales, pol\u00edticas p\u00fablicas, educaci\u00f3n e interculturalidad en contexto locales. Tambi\u00e9n ha desarrollado diversos estudios bajo la l\u00ednea de investigaci\u00f3n colaborativa con comunidades ind\u00edgenas y locales relativas a historia oral, procesos participativos, desarrollo local y estudios antropol\u00f3gicos asociados a proyectos que afectan territorios ind\u00edgenas.Actualmente lidera un proyecto de investigaci\u00f3n sobre la turistificaci\u00f3n de los territorios ind\u00edgenas focalizado en las regiones costeras y cordilleranas de la regi\u00f3n del B\u00edo B\u00edo y Araucan\u00eda y en la comuna de San Pedro de Atacama.<\/p><p>Actualmente se desempe\u00f1a como Subdirectora e Investigadora Principal de la L\u00ednea de Pol\u00edticas de Reconocimiento, pr\u00e1cticas estatales e interculturalidad en el Centreo CIIR-Centro de Estudios Interculturales e Ind\u00edgenas (FONDAP, Conicyt).<\/p><p>\u00a0<\/p>\t\t\t\t\t\t\t\t<\/div>\n\t\t\t\t<\/div>\n\t\t\t\t<div class=\"elementor-element elementor-element-270aa24 elementor-position-left elementor-view-default elementor-mobile-position-top elementor-widget elementor-widget-icon-box\" data-id=\"270aa24\" data-element_type=\"widget\" data-widget_type=\"icon-box.default\">\n\t\t\t\t<div class=\"elementor-widget-container\">\n\t\t\t\t\t\t\t<div class=\"elementor-icon-box-wrapper\">\n\n\t\t\t\t\t\t<div class=\"elementor-icon-box-icon\">\n\t\t\t\t<a href=\"https:\/\/cedit.cl\/wp-content\/uploads\/2025\/04\/CV-Fca-de-la-Maza-Milenio-1.pdf\" target=\"_blank\" class=\"elementor-icon\" tabindex=\"-1\" aria-label=\"CV Francisca de la Maza\u00a0-\u00a0English\">\n\t\t\t\t<i aria-hidden=\"true\" class=\"fas fa-file-pdf\"><\/i>\t\t\t\t<\/a>\n\t\t\t<\/div>\n\t\t\t\n\t\t\t\t\t\t<div class=\"elementor-icon-box-content\">\n\n\t\t\t\t\t\t\t\t\t<p class=\"elementor-icon-box-title\">\n\t\t\t\t\t\t<a href=\"https:\/\/cedit.cl\/wp-content\/uploads\/2025\/04\/CV-Fca-de-la-Maza-Milenio-1.pdf\" target=\"_blank\" >\n\t\t\t\t\t\t\tCV Francisca de la Maza\u00a0-\u00a0English\t\t\t\t\t\t<\/a>\n\t\t\t\t\t<\/p>\n\t\t\t\t\n\t\t\t\t\n\t\t\t<\/div>\n\t\t\t\n\t\t<\/div>\n\t\t\t\t\t\t<\/div>\n\t\t\t\t<\/div>\n\t\t\t\t<div class=\"elementor-element elementor-element-f92fdd4 elementor-widget elementor-widget-spacer\" data-id=\"f92fdd4\" data-element_type=\"widget\" data-widget_type=\"spacer.default\">\n\t\t\t\t<div class=\"elementor-widget-container\">\n\t\t\t\t\t\t\t<div class=\"elementor-spacer\">\n\t\t\t<div class=\"elementor-spacer-inner\"><\/div>\n\t\t<\/div>\n\t\t\t\t\t\t<\/div>\n\t\t\t\t<\/div>\n\t\t\t\t\t<\/div>\n\t\t<\/div>\n\t\t\t\t\t<\/div>\n\t\t<\/section>\n\t\t\t\t<\/div>","protected":false},"excerpt":{"rendered":"<p>Rese\u00f1a Se ha especializado en el \u00e1rea de antropolog\u00eda pol\u00edtica y del estado, en particular, en investigaciones relacionadas a los pueblos ind\u00edgenas en el periodo contempor\u00e1neo. Tambi\u00e9n ha realizado estudios &#8230; <a title=\"Francisca de la Maza\" class=\"read-more\" href=\"https:\/\/cedit.cl\/en\/somos\/francisca-de-la-maza\/\" aria-label=\"Read more about Francisca de la Maza\">Leer m\u00e1s<\/a><\/p>","protected":false},"author":2,"featured_media":0,"parent":3442,"menu_order":0,"comment_status":"closed","ping_status":"closed","template":"elementor_header_footer","meta":{"_acf_changed":false,"_seopress_robots_primary_cat":"","_seopress_titles_title":"","_seopress_titles_desc":"","_seopress_robots_index":"","inline_featured_image":false,"footnotes":""},"class_list":["post-3395","page","type-page","status-publish"],"acf":[],"_links":{"self":[{"href":"https:\/\/cedit.cl\/en\/wp-json\/wp\/v2\/pages\/3395","targetHints":{"allow":["GET"]}}],"collection":[{"href":"https:\/\/cedit.cl\/en\/wp-json\/wp\/v2\/pages"}],"about":[{"href":"https:\/\/cedit.cl\/en\/wp-json\/wp\/v2\/types\/page"}],"author":[{"embeddable":true,"href":"https:\/\/cedit.cl\/en\/wp-json\/wp\/v2\/users\/2"}],"replies":[{"embeddable":true,"href":"https:\/\/cedit.cl\/en\/wp-json\/wp\/v2\/comments?post=3395"}],"version-history":[{"count":4,"href":"https:\/\/cedit.cl\/en\/wp-json\/wp\/v2\/pages\/3395\/revisions"}],"predecessor-version":[{"id":3401,"href":"https:\/\/cedit.cl\/en\/wp-json\/wp\/v2\/pages\/3395\/revisions\/3401"}],"up":[{"embeddable":true,"href":"https:\/\/cedit.cl\/en\/wp-json\/wp\/v2\/pages\/3442"}],"wp:attachment":[{"href":"https:\/\/cedit.cl\/en\/wp-json\/wp\/v2\/media?parent=3395"}],"curies":[{"name":"wp","href":"https:\/\/api.w.org\/{rel}","templated":true}]}}